{"version":"1.0","provider_name":"Teamsters Canada","provider_url":"https:\/\/teamsters.ca\/fr\/","title":"Journ\u00e9e nationale de deuil\u00a0: Voter, c\u2019est se souvenir","type":"rich","width":600,"height":338,"html":"<blockquote class=\"wp-embedded-content\" data-secret=\"sRM87hfYj9\"><a href=\"https:\/\/teamsters.ca\/fr\/blog\/2025\/04\/26\/journee-nationale-de-deuil-voter-cest-se-souvenir\/\">Journ\u00e9e nationale de deuil\u00a0: Voter, c\u2019est se souvenir<\/a><\/blockquote><iframe sandbox=\"allow-scripts\" security=\"restricted\" src=\"https:\/\/teamsters.ca\/fr\/blog\/2025\/04\/26\/journee-nationale-de-deuil-voter-cest-se-souvenir\/embed\/#?secret=sRM87hfYj9\" width=\"600\" height=\"338\" title=\"&laquo; Journ\u00e9e nationale de deuil\u00a0: Voter, c\u2019est se souvenir &raquo; &#8212; Teamsters Canada\" data-secret=\"sRM87hfYj9\" frameborder=\"0\" marginwidth=\"0\" marginheight=\"0\" scrolling=\"no\" class=\"wp-embedded-content\"><\/iframe><script type=\"text\/javascript\">\n\/* <![CDATA[ *\/\n\/*! This file is auto-generated *\/\n!function(d,l){\"use strict\";l.querySelector&&d.addEventListener&&\"undefined\"!=typeof URL&&(d.wp=d.wp||{},d.wp.receiveEmbedMessage||(d.wp.receiveEmbedMessage=function(e){var t=e.data;if((t||t.secret||t.message||t.value)&&!\/[^a-zA-Z0-9]\/.test(t.secret)){for(var s,r,n,a=l.querySelectorAll('iframe[data-secret=\"'+t.secret+'\"]'),o=l.querySelectorAll('blockquote[data-secret=\"'+t.secret+'\"]'),c=new RegExp(\"^https?:$\",\"i\"),i=0;i<o.length;i++)o[i].style.display=\"none\";for(i=0;i<a.length;i++)s=a[i],e.source===s.contentWindow&&(s.removeAttribute(\"style\"),\"height\"===t.message?(1e3<(r=parseInt(t.value,10))?r=1e3:~~r<200&&(r=200),s.height=r):\"link\"===t.message&&(r=new URL(s.getAttribute(\"src\")),n=new URL(t.value),c.test(n.protocol))&&n.host===r.host&&l.activeElement===s&&(d.top.location.href=t.value))}},d.addEventListener(\"message\",d.wp.receiveEmbedMessage,!1),l.addEventListener(\"DOMContentLoaded\",function(){for(var e,t,s=l.querySelectorAll(\"iframe.wp-embedded-content\"),r=0;r<s.length;r++)(t=(e=s[r]).getAttribute(\"data-secret\"))||(t=Math.random().toString(36).substring(2,12),e.src+=\"#?secret=\"+t,e.setAttribute(\"data-secret\",t)),e.contentWindow.postMessage({message:\"ready\",secret:t},\"*\")},!1)))}(window,document);\n\/* ]]> *\/\n<\/script>\n","thumbnail_url":"https:\/\/teamsters.ca\/wp-content\/uploads\/2025\/04\/Deuil2025-1.png","thumbnail_width":1166,"thumbnail_height":768,"description":"Chaque 28&nbsp;avril au Canada, nous soulignons la Journ\u00e9e nationale de deuil. Cette journ\u00e9e rend hommage aux travailleuses et travailleurs d\u00e9c\u00e9d\u00e9s, bless\u00e9s ou rendus malades \u00e0 cause de leur emploi. En tant que syndicalistes, cette journ\u00e9e est sp\u00e9ciale et importante. Nous consacrons nos vies \u00e0 am\u00e9liorer les conditions de travail, \u00e0 prot\u00e9ger les droits des travailleuses [&hellip;]"}