{"version":"1.0","provider_name":"Teamsters Canada","provider_url":"https:\/\/teamsters.ca\/fr\/","title":"D\u00e9claration sur les tarifs douaniers du 2 avril","type":"rich","width":600,"height":338,"html":"<blockquote class=\"wp-embedded-content\" data-secret=\"CQIUvbp6Hp\"><a href=\"https:\/\/teamsters.ca\/fr\/blog\/2025\/04\/03\/declaration-sur-les-tarifs-douaniers-du-2-aout\/\">D\u00e9claration sur les tarifs douaniers du 2 avril<\/a><\/blockquote><iframe sandbox=\"allow-scripts\" security=\"restricted\" src=\"https:\/\/teamsters.ca\/fr\/blog\/2025\/04\/03\/declaration-sur-les-tarifs-douaniers-du-2-aout\/embed\/#?secret=CQIUvbp6Hp\" width=\"600\" height=\"338\" title=\"&laquo; D\u00e9claration sur les tarifs douaniers du 2 avril &raquo; &#8212; Teamsters Canada\" data-secret=\"CQIUvbp6Hp\" frameborder=\"0\" marginwidth=\"0\" marginheight=\"0\" scrolling=\"no\" class=\"wp-embedded-content\"><\/iframe><script type=\"text\/javascript\">\n\/* <![CDATA[ *\/\n\/*! This file is auto-generated *\/\n!function(d,l){\"use strict\";l.querySelector&&d.addEventListener&&\"undefined\"!=typeof URL&&(d.wp=d.wp||{},d.wp.receiveEmbedMessage||(d.wp.receiveEmbedMessage=function(e){var t=e.data;if((t||t.secret||t.message||t.value)&&!\/[^a-zA-Z0-9]\/.test(t.secret)){for(var s,r,n,a=l.querySelectorAll('iframe[data-secret=\"'+t.secret+'\"]'),o=l.querySelectorAll('blockquote[data-secret=\"'+t.secret+'\"]'),c=new RegExp(\"^https?:$\",\"i\"),i=0;i<o.length;i++)o[i].style.display=\"none\";for(i=0;i<a.length;i++)s=a[i],e.source===s.contentWindow&&(s.removeAttribute(\"style\"),\"height\"===t.message?(1e3<(r=parseInt(t.value,10))?r=1e3:~~r<200&&(r=200),s.height=r):\"link\"===t.message&&(r=new URL(s.getAttribute(\"src\")),n=new URL(t.value),c.test(n.protocol))&&n.host===r.host&&l.activeElement===s&&(d.top.location.href=t.value))}},d.addEventListener(\"message\",d.wp.receiveEmbedMessage,!1),l.addEventListener(\"DOMContentLoaded\",function(){for(var e,t,s=l.querySelectorAll(\"iframe.wp-embedded-content\"),r=0;r<s.length;r++)(t=(e=s[r]).getAttribute(\"data-secret\"))||(t=Math.random().toString(36).substring(2,12),e.src+=\"#?secret=\"+t,e.setAttribute(\"data-secret\",t)),e.contentWindow.postMessage({message:\"ready\",secret:t},\"*\")},!1)))}(window,document);\n\/* ]]> *\/\n<\/script>\n","thumbnail_url":"https:\/\/teamsters.ca\/wp-content\/uploads\/2025\/04\/AdobeStock_699865404-scaled.jpeg","thumbnail_width":2560,"thumbnail_height":1707,"description":"La d\u00e9claration suivante provient de Fran\u00e7ois Laporte, pr\u00e9sident de Teamsters Canada. Cons\u0153urs,confr\u00e8res, La plus r\u00e9cente salve de droits de douane am\u00e9ricains sur les automobiles et les pi\u00e8ces fabriqu\u00e9es au Canada marque une nouvelle escalade am\u00e9ricaine dans le cadre d\u2019une guerre commerciale qui ne cesse de s\u2019intensifier. Ces mesures viennent s\u2019ajouter aux tarifs d\u00e9j\u00e0 en place [&hellip;]"}