{"version":"1.0","provider_name":"Teamsters Canada","provider_url":"https:\/\/teamsters.ca\/fr\/","title":"Mandat de gr\u00e8ve chez Demix Agr\u00e9gat","type":"rich","width":600,"height":338,"html":"<blockquote class=\"wp-embedded-content\" data-secret=\"fdgYVYcltZ\"><a href=\"https:\/\/teamsters.ca\/fr\/blog\/2020\/07\/02\/mandat-de-greve-chez-demix-agregat\/\">Mandat de gr\u00e8ve chez Demix Agr\u00e9gat<\/a><\/blockquote><iframe sandbox=\"allow-scripts\" security=\"restricted\" src=\"https:\/\/teamsters.ca\/fr\/blog\/2020\/07\/02\/mandat-de-greve-chez-demix-agregat\/embed\/#?secret=fdgYVYcltZ\" width=\"600\" height=\"338\" title=\"&laquo; Mandat de gr\u00e8ve chez Demix Agr\u00e9gat &raquo; &#8212; Teamsters Canada\" data-secret=\"fdgYVYcltZ\" frameborder=\"0\" marginwidth=\"0\" marginheight=\"0\" scrolling=\"no\" class=\"wp-embedded-content\"><\/iframe><script type=\"text\/javascript\">\n\/* <![CDATA[ *\/\n\/*! This file is auto-generated *\/\n!function(d,l){\"use strict\";l.querySelector&&d.addEventListener&&\"undefined\"!=typeof URL&&(d.wp=d.wp||{},d.wp.receiveEmbedMessage||(d.wp.receiveEmbedMessage=function(e){var t=e.data;if((t||t.secret||t.message||t.value)&&!\/[^a-zA-Z0-9]\/.test(t.secret)){for(var s,r,n,a=l.querySelectorAll('iframe[data-secret=\"'+t.secret+'\"]'),o=l.querySelectorAll('blockquote[data-secret=\"'+t.secret+'\"]'),c=new RegExp(\"^https?:$\",\"i\"),i=0;i<o.length;i++)o[i].style.display=\"none\";for(i=0;i<a.length;i++)s=a[i],e.source===s.contentWindow&&(s.removeAttribute(\"style\"),\"height\"===t.message?(1e3<(r=parseInt(t.value,10))?r=1e3:~~r<200&&(r=200),s.height=r):\"link\"===t.message&&(r=new URL(s.getAttribute(\"src\")),n=new URL(t.value),c.test(n.protocol))&&n.host===r.host&&l.activeElement===s&&(d.top.location.href=t.value))}},d.addEventListener(\"message\",d.wp.receiveEmbedMessage,!1),l.addEventListener(\"DOMContentLoaded\",function(){for(var e,t,s=l.querySelectorAll(\"iframe.wp-embedded-content\"),r=0;r<s.length;r++)(t=(e=s[r]).getAttribute(\"data-secret\"))||(t=Math.random().toString(36).substring(2,12),e.src+=\"#?secret=\"+t,e.setAttribute(\"data-secret\",t)),e.contentWindow.postMessage({message:\"ready\",secret:t},\"*\")},!1)))}(window,document);\n\/* ]]> *\/\n<\/script>\n","thumbnail_url":"https:\/\/teamsters.ca\/wp-content\/uploads\/2020\/07\/demix_greve.png","thumbnail_width":1166,"thumbnail_height":768,"description":"Les salari\u00e9s-\u00e9es de l\u2019usine du g\u00e9ant Demix Agr\u00e9gats, situ\u00e9e St-Jacques-le-Mineur, ont vot\u00e9 \u00e0 100% pour un mandat de gr\u00e8ve. Leur syndicat, la Section locale 1791 des Teamsters, d\u00e9clenchera la gr\u00e8ve au moment jug\u00e9 opportun. Les travailleurs-euses ont rejet\u00e9 \u00e0 100% les derni\u00e8res offres de l\u2019employeur lors de cette m\u00eame assembl\u00e9e g\u00e9n\u00e9rale tenue le 22 juin dernier."}