{"version":"1.0","provider_name":"Teamsters Canada","provider_url":"https:\/\/teamsters.ca\/fr\/","title":"D\u00e9c\u00e8s d\u2019un pressier du Journal de Montr\u00e9al","type":"rich","width":600,"height":338,"html":"<blockquote class=\"wp-embedded-content\" data-secret=\"EcaHgAI6Sv\"><a href=\"https:\/\/teamsters.ca\/fr\/blog\/2007\/01\/05\/deces-dun-pressier-du-journal-de-montreal\/\">D\u00e9c\u00e8s d\u2019un pressier du Journal de Montr\u00e9al<\/a><\/blockquote><iframe sandbox=\"allow-scripts\" security=\"restricted\" src=\"https:\/\/teamsters.ca\/fr\/blog\/2007\/01\/05\/deces-dun-pressier-du-journal-de-montreal\/embed\/#?secret=EcaHgAI6Sv\" width=\"600\" height=\"338\" title=\"&laquo; D\u00e9c\u00e8s d\u2019un pressier du Journal de Montr\u00e9al &raquo; &#8212; Teamsters Canada\" data-secret=\"EcaHgAI6Sv\" frameborder=\"0\" marginwidth=\"0\" marginheight=\"0\" scrolling=\"no\" class=\"wp-embedded-content\"><\/iframe><script type=\"text\/javascript\">\n\/* <![CDATA[ *\/\n\/*! This file is auto-generated *\/\n!function(d,l){\"use strict\";l.querySelector&&d.addEventListener&&\"undefined\"!=typeof URL&&(d.wp=d.wp||{},d.wp.receiveEmbedMessage||(d.wp.receiveEmbedMessage=function(e){var t=e.data;if((t||t.secret||t.message||t.value)&&!\/[^a-zA-Z0-9]\/.test(t.secret)){for(var s,r,n,a=l.querySelectorAll('iframe[data-secret=\"'+t.secret+'\"]'),o=l.querySelectorAll('blockquote[data-secret=\"'+t.secret+'\"]'),c=new RegExp(\"^https?:$\",\"i\"),i=0;i<o.length;i++)o[i].style.display=\"none\";for(i=0;i<a.length;i++)s=a[i],e.source===s.contentWindow&&(s.removeAttribute(\"style\"),\"height\"===t.message?(1e3<(r=parseInt(t.value,10))?r=1e3:~~r<200&&(r=200),s.height=r):\"link\"===t.message&&(r=new URL(s.getAttribute(\"src\")),n=new URL(t.value),c.test(n.protocol))&&n.host===r.host&&l.activeElement===s&&(d.top.location.href=t.value))}},d.addEventListener(\"message\",d.wp.receiveEmbedMessage,!1),l.addEventListener(\"DOMContentLoaded\",function(){for(var e,t,s=l.querySelectorAll(\"iframe.wp-embedded-content\"),r=0;r<s.length;r++)(t=(e=s[r]).getAttribute(\"data-secret\"))||(t=Math.random().toString(36).substring(2,12),e.src+=\"#?secret=\"+t,e.setAttribute(\"data-secret\",t)),e.contentWindow.postMessage({message:\"ready\",secret:t},\"*\")},!1)))}(window,document);\n\/* ]]> *\/\n<\/script>\n","description":"Un pressier du Journal de Montr\u00e9al, Michel Lavoie, 61 ans, est d\u00e9c\u00e9d\u00e9 le 2 janvier dernier. M. Lavoie a travaill\u00e9 pour l\u2019imprimerie Dumont (maintenant Quebecor) \u00e0 compter de 1963 et au Journal \u00e0 partir de 1979. Il laisse dans le deuil sa femme et ses deux enfants. Teamsters Canada, ses sections locales ainsi que les [&hellip;]"}