{"version":"1.0","provider_name":"Teamsters Canada","provider_url":"https:\/\/teamsters.ca\/fr\/","title":"Fun\u00e9railles de R\u00e9jean Roy","type":"rich","width":600,"height":338,"html":"<blockquote class=\"wp-embedded-content\" data-secret=\"SP6J6tBsdU\"><a href=\"https:\/\/teamsters.ca\/fr\/blog\/2006\/08\/25\/funerailles-de-rejean-roy\/\">Fun\u00e9railles de R\u00e9jean Roy<\/a><\/blockquote><iframe sandbox=\"allow-scripts\" security=\"restricted\" src=\"https:\/\/teamsters.ca\/fr\/blog\/2006\/08\/25\/funerailles-de-rejean-roy\/embed\/#?secret=SP6J6tBsdU\" width=\"600\" height=\"338\" title=\"&laquo; Fun\u00e9railles de R\u00e9jean Roy &raquo; &#8212; Teamsters Canada\" data-secret=\"SP6J6tBsdU\" frameborder=\"0\" marginwidth=\"0\" marginheight=\"0\" scrolling=\"no\" class=\"wp-embedded-content\"><\/iframe><script type=\"text\/javascript\">\n\/* <![CDATA[ *\/\n\/*! This file is auto-generated *\/\n!function(d,l){\"use strict\";l.querySelector&&d.addEventListener&&\"undefined\"!=typeof URL&&(d.wp=d.wp||{},d.wp.receiveEmbedMessage||(d.wp.receiveEmbedMessage=function(e){var t=e.data;if((t||t.secret||t.message||t.value)&&!\/[^a-zA-Z0-9]\/.test(t.secret)){for(var s,r,n,a=l.querySelectorAll('iframe[data-secret=\"'+t.secret+'\"]'),o=l.querySelectorAll('blockquote[data-secret=\"'+t.secret+'\"]'),c=new RegExp(\"^https?:$\",\"i\"),i=0;i<o.length;i++)o[i].style.display=\"none\";for(i=0;i<a.length;i++)s=a[i],e.source===s.contentWindow&&(s.removeAttribute(\"style\"),\"height\"===t.message?(1e3<(r=parseInt(t.value,10))?r=1e3:~~r<200&&(r=200),s.height=r):\"link\"===t.message&&(r=new URL(s.getAttribute(\"src\")),n=new URL(t.value),c.test(n.protocol))&&n.host===r.host&&l.activeElement===s&&(d.top.location.href=t.value))}},d.addEventListener(\"message\",d.wp.receiveEmbedMessage,!1),l.addEventListener(\"DOMContentLoaded\",function(){for(var e,t,s=l.querySelectorAll(\"iframe.wp-embedded-content\"),r=0;r<s.length;r++)(t=(e=s[r]).getAttribute(\"data-secret\"))||(t=Math.random().toString(36).substring(2,12),e.src+=\"#?secret=\"+t,e.setAttribute(\"data-secret\",t)),e.contentWindow.postMessage({message:\"ready\",secret:t},\"*\")},!1)))}(window,document);\n\/* ]]> *\/\n<\/script>\n","description":"R\u00e9jean Roy sera expos\u00e9 de 14h \u00e0 17h et de 19h \u00e0 22h lundi le 28 ao\u00fbt au Salon Darche. Celui-ci est situ\u00e9 au 7679, boulevard Taschereau \u00e0 Brossard. Le service aura lieu le mardi 29 ao\u00fbt \u00e0 11h en l\u2019\u00c9glise de la Paroisse de la Nativit\u00e9 \u00e0 Laprairie. Elle situ\u00e9e au 155 Chemin St-Jean, [&hellip;]"}